{"id":710,"date":"2022-07-17T15:08:17","date_gmt":"2022-07-17T13:08:17","guid":{"rendered":"https:\/\/elaimantair.fr\/boutique\/produit\/bracelet-des-7-chakras\/"},"modified":"2024-12-31T17:14:31","modified_gmt":"2024-12-31T16:14:31","slug":"bracelet-des-7-chakras","status":"publish","type":"product","link":"https:\/\/elaimantair.fr\/boutique\/produit\/bracelet-des-7-chakras\/","title":{"rendered":"7 chakras"},"content":{"rendered":"<p>Perles 8mm en pierre naturelle, avec perles de rocailles.<\/p>\n<p>Les bracelets 7 chakras sont des bijoux empreints de symbolisme et de spiritualit\u00e9, con\u00e7us pour \u00e9quilibrer et harmoniser les sept centres \u00e9nerg\u00e9tiques du corps, appel\u00e9s chakras. Chaque chakra est associ\u00e9 \u00e0 une couleur et \u00e0 des aspects \u00e9motionnels et spirituels sp\u00e9cifiques.<\/p>\n<p>Chaque perle en pierre pr\u00e9sente sur le bracelet correspond \u00e0 l\u2019une des sept couleurs associ\u00e9es aux chakras. Le rouge repr\u00e9sente le chakra racine, le orange le chakra sacr\u00e9, le jaune le chakra du plexus solaire, le vert le chakra du c\u0153ur, le bleu clair le chakra de la gorge, l\u2019indigo le chakra du troisi\u00e8me \u0153il, et le violet le chakra coronal.<\/p>\n<p>En portant un bracelet 7 chakras, l\u2019intention est de favoriser l\u2019alignement et l\u2019harmonisation des chakras, permettant ainsi \u00e0 l\u2019\u00e9nergie vitale de circuler librement \u00e0 travers le corps. Cela peut contribuer \u00e0 une meilleure sant\u00e9 physique, \u00e9motionnelle et spirituelle.<\/p>\n<p>Chaque perle en pierre\u00a0 est choisie pour ses propri\u00e9t\u00e9s \u00e9nerg\u00e9tiques sp\u00e9cifiques. Par exemple, le jaspe rouge aide \u00e0 ancrer et stabiliser le chakra racine, tandis que l\u2019am\u00e9thyste peut favoriser la clart\u00e9 mentale et l\u2019ouverture du chakra coronal.<\/p>\n<p>Pour profiter pleinement de leurs bienfaits, il est recommand\u00e9 de les porter r\u00e9guli\u00e8rement et de se concentrer sur son intention d\u2019\u00e9quilibrage et d\u2019harmonisation des chakras. Certains pratiquants de spiritualit\u00e9 utilisent \u00e9galement la m\u00e9ditation ou la visualisation pour renforcer l\u2019effet des bracelets.<\/p>\n<p>En plus de leurs propri\u00e9t\u00e9s \u00e9nerg\u00e9tiques, ils sont \u00e9galement appr\u00e9ci\u00e9s pour leur esth\u00e9tique attrayante et leur capacit\u00e9 \u00e0 compl\u00e9ter diff\u00e9rents styles vestimentaires. Ils sont souvent port\u00e9s comme des accessoires de mode tout en offrant des avantages spirituels et \u00e9nerg\u00e9tiques.<\/p>\n<p>En r\u00e9sum\u00e9, les bracelets 7 chakras sont bien plus que de simples bijoux. Ils repr\u00e9sentent un outil pr\u00e9cieux pour \u00e9quilibrer et harmoniser les \u00e9nergies du corps, tout en ajoutant une touche de spiritualit\u00e9 et de beaut\u00e9 \u00e0 la vie quotidienne.<\/p>\n<p>Jaspe rouge, cornaline, calcite jaune, aventurine, sodalite, amazonite, am\u00e9thyste<\/p>\n<p>&nbsp;<\/p>\n","protected":false},"excerpt":{"rendered":"<p>Perles 8mm en pierre naturelle, avec perles de rocailles.<\/p>\n","protected":false},"featured_media":709,"comment_status":"open","ping_status":"closed","template":"","meta":[],"product_brand":[],"product_cat":[42,75,29],"product_tag":[],"class_list":{"0":"post-710","1":"product","2":"type-product","3":"status-publish","4":"has-post-thumbnail","6":"product_cat-bijoux-energises","7":"product_cat-bracelets","8":"product_cat-mineraux","10":"first","11":"instock","12":"sale","13":"sold-individually","14":"shipping-taxable","15":"purchasable","16":"product-type-simple"},"yoast_head":"<!-- This site is optimized with the Yoast SEO plugin v27.5 - https:\/\/yoast.com\/product\/yoast-seo-wordpress\/ -->\n<title>7 chakras - Boutique El&#039;aimant Air<\/title>\n<meta name=\"description\" content=\"Perles 8mm en pierre naturelle, avec perles de rocailles.Les bracelets 7 chakras sont des bijoux empreints de symbolisme et de spiritualit\u00e9, con\u00e7us\" \/>\n<meta name=\"robots\" content=\"index, follow, max-snippet:-1, max-image-preview:large, max-video-preview:-1\" \/>\n<link rel=\"canonical\" href=\"https:\/\/elaimantair.fr\/boutique\/produit\/bracelet-des-7-chakras\/\" \/>\n<meta property=\"og:locale\" content=\"fr_FR\" \/>\n<meta property=\"og:type\" content=\"article\" \/>\n<meta property=\"og:title\" content=\"7 chakras - Boutique El&#039;aimant Air\" \/>\n<meta property=\"og:description\" content=\"Perles 8mm en pierre naturelle, avec perles de rocailles.Les bracelets 7 chakras sont des bijoux empreints de symbolisme et de spiritualit\u00e9, con\u00e7us\" \/>\n<meta property=\"og:url\" content=\"https:\/\/elaimantair.fr\/boutique\/produit\/bracelet-des-7-chakras\/\" \/>\n<meta property=\"og:site_name\" content=\"Boutique El&#039;aimant Air\" \/>\n<meta property=\"article:publisher\" content=\"https:\/\/www.facebook.com\/louka.dou.5\" \/>\n<meta property=\"article:modified_time\" content=\"2024-12-31T16:14:31+00:00\" \/>\n<meta property=\"og:image\" content=\"https:\/\/elaimantair.fr\/boutique\/wp-content\/uploads\/2022\/07\/9577-1-scaled.jpg\" \/>\n\t<meta property=\"og:image:width\" content=\"2406\" \/>\n\t<meta property=\"og:image:height\" content=\"2560\" \/>\n\t<meta property=\"og:image:type\" content=\"image\/jpeg\" \/>\n<meta name=\"twitter:card\" content=\"summary_large_image\" \/>\n<meta name=\"twitter:site\" content=\"@AimantAir\" \/>\n<meta name=\"twitter:label1\" content=\"Dur\u00e9e de lecture estim\u00e9e\" \/>\n\t<meta name=\"twitter:data1\" content=\"2 minutes\" \/>\n<script type=\"application\/ld+json\" class=\"yoast-schema-graph\">{\"@context\":\"https:\\\/\\\/schema.org\",\"@graph\":[{\"@type\":\"WebPage\",\"@id\":\"https:\\\/\\\/elaimantair.fr\\\/boutique\\\/produit\\\/bracelet-des-7-chakras\\\/\",\"url\":\"https:\\\/\\\/elaimantair.fr\\\/boutique\\\/produit\\\/bracelet-des-7-chakras\\\/\",\"name\":\"7 chakras - Boutique El&#039;aimant Air\",\"isPartOf\":{\"@id\":\"https:\\\/\\\/elaimantair.fr\\\/boutique\\\/#website\"},\"primaryImageOfPage\":{\"@id\":\"https:\\\/\\\/elaimantair.fr\\\/boutique\\\/produit\\\/bracelet-des-7-chakras\\\/#primaryimage\"},\"image\":{\"@id\":\"https:\\\/\\\/elaimantair.fr\\\/boutique\\\/produit\\\/bracelet-des-7-chakras\\\/#primaryimage\"},\"thumbnailUrl\":\"https:\\\/\\\/elaimantair.fr\\\/boutique\\\/wp-content\\\/uploads\\\/2022\\\/07\\\/9577-1-scaled.jpg\",\"datePublished\":\"2022-07-17T13:08:17+00:00\",\"dateModified\":\"2024-12-31T16:14:31+00:00\",\"description\":\"Perles 8mm en pierre naturelle, avec perles de rocailles.Les bracelets 7 chakras sont des bijoux empreints de symbolisme et de spiritualit\u00e9, con\u00e7us\",\"breadcrumb\":{\"@id\":\"https:\\\/\\\/elaimantair.fr\\\/boutique\\\/produit\\\/bracelet-des-7-chakras\\\/#breadcrumb\"},\"inLanguage\":\"fr-FR\",\"potentialAction\":[{\"@type\":\"ReadAction\",\"target\":[\"https:\\\/\\\/elaimantair.fr\\\/boutique\\\/produit\\\/bracelet-des-7-chakras\\\/\"]}]},{\"@type\":\"ImageObject\",\"inLanguage\":\"fr-FR\",\"@id\":\"https:\\\/\\\/elaimantair.fr\\\/boutique\\\/produit\\\/bracelet-des-7-chakras\\\/#primaryimage\",\"url\":\"https:\\\/\\\/elaimantair.fr\\\/boutique\\\/wp-content\\\/uploads\\\/2022\\\/07\\\/9577-1-scaled.jpg\",\"contentUrl\":\"https:\\\/\\\/elaimantair.fr\\\/boutique\\\/wp-content\\\/uploads\\\/2022\\\/07\\\/9577-1-scaled.jpg\",\"width\":2406,\"height\":2560,\"caption\":\"Perles 8mm en pierre naturelle, avec perles de rocailles.\"},{\"@type\":\"BreadcrumbList\",\"@id\":\"https:\\\/\\\/elaimantair.fr\\\/boutique\\\/produit\\\/bracelet-des-7-chakras\\\/#breadcrumb\",\"itemListElement\":[{\"@type\":\"ListItem\",\"position\":1,\"name\":\"Accueil boutique\",\"item\":\"https:\\\/\\\/elaimantair.fr\\\/boutique\\\/\"},{\"@type\":\"ListItem\",\"position\":2,\"name\":\"Accueil boutique\",\"item\":\"https:\\\/\\\/elaimantair.fr\\\/boutique\\\/\"},{\"@type\":\"ListItem\",\"position\":3,\"name\":\"7 chakras\"}]},{\"@type\":\"WebSite\",\"@id\":\"https:\\\/\\\/elaimantair.fr\\\/boutique\\\/#website\",\"url\":\"https:\\\/\\\/elaimantair.fr\\\/boutique\\\/\",\"name\":\"Boutique El'aimant Air\",\"description\":\"Sublimer votre lumi\u00e8re\",\"publisher\":{\"@id\":\"https:\\\/\\\/elaimantair.fr\\\/boutique\\\/#organization\"},\"potentialAction\":[{\"@type\":\"SearchAction\",\"target\":{\"@type\":\"EntryPoint\",\"urlTemplate\":\"https:\\\/\\\/elaimantair.fr\\\/boutique\\\/?s={search_term_string}\"},\"query-input\":{\"@type\":\"PropertyValueSpecification\",\"valueRequired\":true,\"valueName\":\"search_term_string\"}}],\"inLanguage\":\"fr-FR\"},{\"@type\":\"Organization\",\"@id\":\"https:\\\/\\\/elaimantair.fr\\\/boutique\\\/#organization\",\"name\":\"El'aimant Air\",\"url\":\"https:\\\/\\\/elaimantair.fr\\\/boutique\\\/\",\"logo\":{\"@type\":\"ImageObject\",\"inLanguage\":\"fr-FR\",\"@id\":\"https:\\\/\\\/elaimantair.fr\\\/boutique\\\/#\\\/schema\\\/logo\\\/image\\\/\",\"url\":\"https:\\\/\\\/elaimantair.fr\\\/boutique\\\/wp-content\\\/uploads\\\/2022\\\/04\\\/elaimantairLogo-512.jpg\",\"contentUrl\":\"https:\\\/\\\/elaimantair.fr\\\/boutique\\\/wp-content\\\/uploads\\\/2022\\\/04\\\/elaimantairLogo-512.jpg\",\"width\":512,\"height\":512,\"caption\":\"El'aimant Air\"},\"image\":{\"@id\":\"https:\\\/\\\/elaimantair.fr\\\/boutique\\\/#\\\/schema\\\/logo\\\/image\\\/\"},\"sameAs\":[\"https:\\\/\\\/www.facebook.com\\\/louka.dou.5\",\"https:\\\/\\\/x.com\\\/AimantAir\",\"https:\\\/\\\/www.instagram.com\\\/elaimantair\",\"https:\\\/\\\/www.pinterest.com\\\/Elaimantair\\\/\"]}]}<\/script>\n<!-- \/ Yoast SEO plugin. -->","yoast_head_json":{"title":"7 chakras - Boutique El&#039;aimant Air","description":"Perles 8mm en pierre naturelle, avec perles de rocailles.Les bracelets 7 chakras sont des bijoux empreints de symbolisme et de spiritualit\u00e9, con\u00e7us","robots":{"index":"index","follow":"follow","max-snippet":"max-snippet:-1","max-image-preview":"max-image-preview:large","max-video-preview":"max-video-preview:-1"},"canonical":"https:\/\/elaimantair.fr\/boutique\/produit\/bracelet-des-7-chakras\/","og_locale":"fr_FR","og_type":"article","og_title":"7 chakras - Boutique El&#039;aimant Air","og_description":"Perles 8mm en pierre naturelle, avec perles de rocailles.Les bracelets 7 chakras sont des bijoux empreints de symbolisme et de spiritualit\u00e9, con\u00e7us","og_url":"https:\/\/elaimantair.fr\/boutique\/produit\/bracelet-des-7-chakras\/","og_site_name":"Boutique El&#039;aimant Air","article_publisher":"https:\/\/www.facebook.com\/louka.dou.5","article_modified_time":"2024-12-31T16:14:31+00:00","og_image":[{"width":2406,"height":2560,"url":"https:\/\/elaimantair.fr\/boutique\/wp-content\/uploads\/2022\/07\/9577-1-scaled.jpg","type":"image\/jpeg"}],"twitter_card":"summary_large_image","twitter_site":"@AimantAir","twitter_misc":{"Dur\u00e9e de lecture estim\u00e9e":"2 minutes"},"schema":{"@context":"https:\/\/schema.org","@graph":[{"@type":"WebPage","@id":"https:\/\/elaimantair.fr\/boutique\/produit\/bracelet-des-7-chakras\/","url":"https:\/\/elaimantair.fr\/boutique\/produit\/bracelet-des-7-chakras\/","name":"7 chakras - Boutique El&#039;aimant Air","isPartOf":{"@id":"https:\/\/elaimantair.fr\/boutique\/#website"},"primaryImageOfPage":{"@id":"https:\/\/elaimantair.fr\/boutique\/produit\/bracelet-des-7-chakras\/#primaryimage"},"image":{"@id":"https:\/\/elaimantair.fr\/boutique\/produit\/bracelet-des-7-chakras\/#primaryimage"},"thumbnailUrl":"https:\/\/elaimantair.fr\/boutique\/wp-content\/uploads\/2022\/07\/9577-1-scaled.jpg","datePublished":"2022-07-17T13:08:17+00:00","dateModified":"2024-12-31T16:14:31+00:00","description":"Perles 8mm en pierre naturelle, avec perles de rocailles.Les bracelets 7 chakras sont des bijoux empreints de symbolisme et de spiritualit\u00e9, con\u00e7us","breadcrumb":{"@id":"https:\/\/elaimantair.fr\/boutique\/produit\/bracelet-des-7-chakras\/#breadcrumb"},"inLanguage":"fr-FR","potentialAction":[{"@type":"ReadAction","target":["https:\/\/elaimantair.fr\/boutique\/produit\/bracelet-des-7-chakras\/"]}]},{"@type":"ImageObject","inLanguage":"fr-FR","@id":"https:\/\/elaimantair.fr\/boutique\/produit\/bracelet-des-7-chakras\/#primaryimage","url":"https:\/\/elaimantair.fr\/boutique\/wp-content\/uploads\/2022\/07\/9577-1-scaled.jpg","contentUrl":"https:\/\/elaimantair.fr\/boutique\/wp-content\/uploads\/2022\/07\/9577-1-scaled.jpg","width":2406,"height":2560,"caption":"Perles 8mm en pierre naturelle, avec perles de rocailles."},{"@type":"BreadcrumbList","@id":"https:\/\/elaimantair.fr\/boutique\/produit\/bracelet-des-7-chakras\/#breadcrumb","itemListElement":[{"@type":"ListItem","position":1,"name":"Accueil boutique","item":"https:\/\/elaimantair.fr\/boutique\/"},{"@type":"ListItem","position":2,"name":"Accueil boutique","item":"https:\/\/elaimantair.fr\/boutique\/"},{"@type":"ListItem","position":3,"name":"7 chakras"}]},{"@type":"WebSite","@id":"https:\/\/elaimantair.fr\/boutique\/#website","url":"https:\/\/elaimantair.fr\/boutique\/","name":"Boutique El'aimant Air","description":"Sublimer votre lumi\u00e8re","publisher":{"@id":"https:\/\/elaimantair.fr\/boutique\/#organization"},"potentialAction":[{"@type":"SearchAction","target":{"@type":"EntryPoint","urlTemplate":"https:\/\/elaimantair.fr\/boutique\/?s={search_term_string}"},"query-input":{"@type":"PropertyValueSpecification","valueRequired":true,"valueName":"search_term_string"}}],"inLanguage":"fr-FR"},{"@type":"Organization","@id":"https:\/\/elaimantair.fr\/boutique\/#organization","name":"El'aimant Air","url":"https:\/\/elaimantair.fr\/boutique\/","logo":{"@type":"ImageObject","inLanguage":"fr-FR","@id":"https:\/\/elaimantair.fr\/boutique\/#\/schema\/logo\/image\/","url":"https:\/\/elaimantair.fr\/boutique\/wp-content\/uploads\/2022\/04\/elaimantairLogo-512.jpg","contentUrl":"https:\/\/elaimantair.fr\/boutique\/wp-content\/uploads\/2022\/04\/elaimantairLogo-512.jpg","width":512,"height":512,"caption":"El'aimant Air"},"image":{"@id":"https:\/\/elaimantair.fr\/boutique\/#\/schema\/logo\/image\/"},"sameAs":["https:\/\/www.facebook.com\/louka.dou.5","https:\/\/x.com\/AimantAir","https:\/\/www.instagram.com\/elaimantair","https:\/\/www.pinterest.com\/Elaimantair\/"]}]}},"jetpack_sharing_enabled":true,"_links":{"self":[{"href":"https:\/\/elaimantair.fr\/boutique\/wp-json\/wp\/v2\/product\/710","targetHints":{"allow":["GET"]}}],"collection":[{"href":"https:\/\/elaimantair.fr\/boutique\/wp-json\/wp\/v2\/product"}],"about":[{"href":"https:\/\/elaimantair.fr\/boutique\/wp-json\/wp\/v2\/types\/product"}],"replies":[{"embeddable":true,"href":"https:\/\/elaimantair.fr\/boutique\/wp-json\/wp\/v2\/comments?post=710"}],"wp:featuredmedia":[{"embeddable":true,"href":"https:\/\/elaimantair.fr\/boutique\/wp-json\/wp\/v2\/media\/709"}],"wp:attachment":[{"href":"https:\/\/elaimantair.fr\/boutique\/wp-json\/wp\/v2\/media?parent=710"}],"wp:term":[{"taxonomy":"product_brand","embeddable":true,"href":"https:\/\/elaimantair.fr\/boutique\/wp-json\/wp\/v2\/product_brand?post=710"},{"taxonomy":"product_cat","embeddable":true,"href":"https:\/\/elaimantair.fr\/boutique\/wp-json\/wp\/v2\/product_cat?post=710"},{"taxonomy":"product_tag","embeddable":true,"href":"https:\/\/elaimantair.fr\/boutique\/wp-json\/wp\/v2\/product_tag?post=710"}],"curies":[{"name":"wp","href":"https:\/\/api.w.org\/{rel}","templated":true}]}}